{"id":230,"date":"2023-07-13T12:17:19","date_gmt":"2023-07-13T10:17:19","guid":{"rendered":"https:\/\/xn--slutakpabil-wfb.se\/?page_id=230"},"modified":"2023-07-13T17:01:36","modified_gmt":"2023-07-13T15:01:36","slug":"vara-tjanster","status":"publish","type":"page","link":"https:\/\/xn--slutakpabil-wfb.se\/","title":{"rendered":"V\u00e5ra tj\u00e4nster"},"content":{"rendered":"\t\t<div data-elementor-type=\"wp-page\" data-elementor-id=\"230\" class=\"elementor elementor-230\" data-elementor-post-type=\"page\">\n\t\t\t\t\t\t<section class=\"elementor-section elementor-top-section elementor-element elementor-element-7ff378f elementor-section-boxed elementor-section-height-default elementor-section-height-default\" data-id=\"7ff378f\" data-element_type=\"section\" data-e-type=\"section\">\n\t\t\t\t\t\t<div class=\"elementor-container elementor-column-gap-default\">\n\t\t\t\t\t<div class=\"elementor-column elementor-col-100 elementor-top-column elementor-element elementor-element-c8d7c16\" data-id=\"c8d7c16\" data-element_type=\"column\" data-e-type=\"column\">\n\t\t\t<div class=\"elementor-widget-wrap elementor-element-populated\">\n\t\t\t\t\t\t<div class=\"elementor-element elementor-element-8e10436 elementor-widget elementor-widget-heading\" data-id=\"8e10436\" data-element_type=\"widget\" data-e-type=\"widget\" data-widget_type=\"heading.default\">\n\t\t\t\t<div class=\"elementor-widget-container\">\n\t\t\t\t\t<h4 class=\"elementor-heading-title elementor-size-default\">Optimal fordonsadministration f\u00f6r mindre och medelstora f\u00f6retag<\/h4>\t\t\t\t<\/div>\n\t\t\t\t<\/div>\n\t\t\t\t\t<\/div>\n\t\t<\/div>\n\t\t\t\t\t<\/div>\n\t\t<\/section>\n\t\t\t\t<section class=\"elementor-section elementor-top-section elementor-element elementor-element-91e0c8d elementor-section-boxed elementor-section-height-default elementor-section-height-default\" data-id=\"91e0c8d\" data-element_type=\"section\" data-e-type=\"section\">\n\t\t\t\t\t\t<div class=\"elementor-container elementor-column-gap-default\">\n\t\t\t\t\t<div class=\"elementor-column elementor-col-100 elementor-top-column elementor-element elementor-element-96748bc\" data-id=\"96748bc\" data-element_type=\"column\" data-e-type=\"column\">\n\t\t\t<div class=\"elementor-widget-wrap elementor-element-populated\">\n\t\t\t\t\t\t<div class=\"elementor-element elementor-element-33e268f elementor-widget elementor-widget-text-editor\" data-id=\"33e268f\" data-element_type=\"widget\" data-e-type=\"widget\" data-widget_type=\"text-editor.default\">\n\t\t\t\t<div class=\"elementor-widget-container\">\n\t\t\t\t\t\t\t\t\t<p style=\"text-align: left;\">Vi<span style=\"color: #374151; font-family: S\u00f6hne, ui-sans-serif, system-ui, -apple-system, 'Segoe UI', Roboto, Ubuntu, Cantarell, 'Noto Sans', sans-serif, 'Helvetica Neue', Arial, 'Apple Color Emoji', 'Segoe UI Emoji', 'Segoe UI Symbol', 'Noto Color Emoji'; font-size: 16px; white-space-collapse: preserve; background-color: #f7f7f8;\"> \u00e4r er partner i hela processen &#8211; fr\u00e5n anskaffning och f\u00f6rvaltning till administration, finansiering och avyttring av fordon. Med v\u00e5r expertis och samarbeten med marknadens b\u00e4sta akt\u00f6rer, skapar vi skr\u00e4ddarsydda l\u00f6sningar som optimerar er fordonsflotta och minskar era kostnader. Vi ger er fullst\u00e4ndig kontroll \u00f6ver er fordonsadministration och ger r\u00e5dgivning som hj\u00e4lper er att fatta de b\u00e4sta besluten f\u00f6r er verksamhet. V\u00e5r moderna och enkla plattform ger er m\u00f6jlighet att hantera era fordon p\u00e5 ett effektivt s\u00e4tt, vilket frig\u00f6r tid och resurser som kan anv\u00e4ndas till att utveckla er k\u00e4rnverksamhet.<\/span><\/p>\t\t\t\t\t\t\t\t<\/div>\n\t\t\t\t<\/div>\n\t\t\t\t\t<\/div>\n\t\t<\/div>\n\t\t\t\t\t<\/div>\n\t\t<\/section>\n\t\t\t\t<section class=\"elementor-section elementor-top-section elementor-element elementor-element-d67db9a elementor-section-boxed elementor-section-height-default elementor-section-height-default\" data-id=\"d67db9a\" data-element_type=\"section\" data-e-type=\"section\">\n\t\t\t\t\t\t<div class=\"elementor-container elementor-column-gap-default\">\n\t\t\t\t\t<div class=\"elementor-column elementor-col-100 elementor-top-column elementor-element elementor-element-28c0150\" data-id=\"28c0150\" data-element_type=\"column\" data-e-type=\"column\">\n\t\t\t<div class=\"elementor-widget-wrap elementor-element-populated\">\n\t\t\t\t\t\t<div class=\"elementor-element elementor-element-3d2a712 elementor-widget elementor-widget-heading\" data-id=\"3d2a712\" data-element_type=\"widget\" data-e-type=\"widget\" data-widget_type=\"heading.default\">\n\t\t\t\t<div class=\"elementor-widget-container\">\n\t\t\t\t\t<h4 class=\"elementor-heading-title elementor-size-default\">H\u00e5llbar mobilitet genom digital innovation<\/h4>\t\t\t\t<\/div>\n\t\t\t\t<\/div>\n\t\t\t\t\t<\/div>\n\t\t<\/div>\n\t\t\t\t\t<\/div>\n\t\t<\/section>\n\t\t\t\t<section class=\"elementor-section elementor-top-section elementor-element elementor-element-5bc2e27 elementor-section-boxed elementor-section-height-default elementor-section-height-default\" data-id=\"5bc2e27\" data-element_type=\"section\" data-e-type=\"section\">\n\t\t\t\t\t\t<div class=\"elementor-container elementor-column-gap-default\">\n\t\t\t\t\t<div class=\"elementor-column elementor-col-100 elementor-top-column elementor-element elementor-element-b3d2556\" data-id=\"b3d2556\" data-element_type=\"column\" data-e-type=\"column\">\n\t\t\t<div class=\"elementor-widget-wrap elementor-element-populated\">\n\t\t\t\t\t\t<div class=\"elementor-element elementor-element-dc92f5f elementor-widget elementor-widget-text-editor\" data-id=\"dc92f5f\" data-element_type=\"widget\" data-e-type=\"widget\" data-widget_type=\"text-editor.default\">\n\t\t\t\t<div class=\"elementor-widget-container\">\n\t\t\t\t\t\t\t\t\t<p><span style=\"background-color: #f7f7f8; color: #374151; font-family: S\u00f6hne, ui-sans-serif, system-ui, -apple-system, 'Segoe UI', Roboto, Ubuntu, Cantarell, 'Noto Sans', sans-serif, 'Helvetica Neue', Arial, 'Apple Color Emoji', 'Segoe UI Emoji', 'Segoe UI Symbol', 'Noto Color Emoji'; font-size: 16px; white-space-collapse: preserve; font-weight: var( --e-global-typography-text-font-weight ); font-style: inherit; text-transform: inherit;\">Vi utvecklar och f\u00f6rvaltar digitala l\u00f6sningar som hj\u00e4lper mindre och medelstora f\u00f6retag att skapa en h\u00e5llbar och effektiv fordonsflotta. Genom att anv\u00e4nda modern teknologi, som datainsamling och automatisering, minskar vi milj\u00f6p\u00e5verkan och ger er nya insikter och transparens som leder till datadrivna beslut och nya kostnadsmodeller i hela ekosystemet. Vi ger er m\u00f6jlighet att effektivisera ert fordonsbruk, minska era kostnader och samtidigt minska er p\u00e5verkan p\u00e5 milj\u00f6n. Med v\u00e5r hj\u00e4lp kan ni minska era koldioxidutsl\u00e4pp, \u00f6ka er l\u00f6nsamhet och samtidigt bidra till en b\u00e4ttre framtid f\u00f6r planeten. Vi ser fram emot att bli er partner p\u00e5 er resa mot en mer h\u00e5llbar och l\u00f6nsam verksamhet.<\/span><\/p>\t\t\t\t\t\t\t\t<\/div>\n\t\t\t\t<\/div>\n\t\t\t\t\t<\/div>\n\t\t<\/div>\n\t\t\t\t\t<\/div>\n\t\t<\/section>\n\t\t\t\t<section class=\"elementor-section elementor-top-section elementor-element elementor-element-e17ff87 elementor-section-boxed elementor-section-height-default elementor-section-height-default\" data-id=\"e17ff87\" data-element_type=\"section\" data-e-type=\"section\">\n\t\t\t\t\t\t<div class=\"elementor-container elementor-column-gap-default\">\n\t\t\t\t\t<div class=\"elementor-column elementor-col-100 elementor-top-column elementor-element elementor-element-cae054d\" data-id=\"cae054d\" data-element_type=\"column\" data-e-type=\"column\">\n\t\t\t<div class=\"elementor-widget-wrap elementor-element-populated\">\n\t\t\t\t\t\t<div class=\"elementor-element elementor-element-eca4941 elementor-widget elementor-widget-heading\" data-id=\"eca4941\" data-element_type=\"widget\" data-e-type=\"widget\" data-widget_type=\"heading.default\">\n\t\t\t\t<div class=\"elementor-widget-container\">\n\t\t\t\t\t<h4 class=\"elementor-heading-title elementor-size-default\">R\u00e5dgivning, konsulting och projektledning<\/h4>\t\t\t\t<\/div>\n\t\t\t\t<\/div>\n\t\t\t\t\t<\/div>\n\t\t<\/div>\n\t\t\t\t\t<\/div>\n\t\t<\/section>\n\t\t\t\t<section class=\"elementor-section elementor-top-section elementor-element elementor-element-b0bed0f elementor-section-boxed elementor-section-height-default elementor-section-height-default\" data-id=\"b0bed0f\" data-element_type=\"section\" data-e-type=\"section\">\n\t\t\t\t\t\t<div class=\"elementor-container elementor-column-gap-default\">\n\t\t\t\t\t<div class=\"elementor-column elementor-col-100 elementor-top-column elementor-element elementor-element-9b4d482\" data-id=\"9b4d482\" data-element_type=\"column\" data-e-type=\"column\">\n\t\t\t<div class=\"elementor-widget-wrap elementor-element-populated\">\n\t\t\t\t\t\t<div class=\"elementor-element elementor-element-67509ae elementor-widget elementor-widget-text-editor\" data-id=\"67509ae\" data-element_type=\"widget\" data-e-type=\"widget\" data-widget_type=\"text-editor.default\">\n\t\t\t\t<div class=\"elementor-widget-container\">\n\t\t\t\t\t\t\t\t\t<p><span style=\"background-color: #f7f7f8; color: #374151; font-family: S\u00f6hne, ui-sans-serif, system-ui, -apple-system, 'Segoe UI', Roboto, Ubuntu, Cantarell, 'Noto Sans', sans-serif, 'Helvetica Neue', Arial, 'Apple Color Emoji', 'Segoe UI Emoji', 'Segoe UI Symbol', 'Noto Color Emoji'; font-size: 16px; white-space-collapse: preserve; font-weight: var( --e-global-typography-text-font-weight ); font-style: inherit; text-transform: inherit;\">Expertis och r\u00e5dgivning inom f\u00f6r\u00e4ndringsledning, digitalisering och IT-strategi. Vi erbjuder en omfattande portf\u00f6lj av r\u00e5dgivnings- och konsulttj\u00e4nster f\u00f6r mindre och medelstora f\u00f6retag som vill f\u00f6rb\u00e4ttra sin digitala mognad och l\u00f6nsamhet. Vi har l\u00e5ng erfarenhet av att hj\u00e4lpa f\u00f6retag att navigera genom komplexa f\u00f6r\u00e4ndringar och digitala transformationer. Vi erbjuder ocks\u00e5 upphandlingstj\u00e4nster f\u00f6r att hj\u00e4lpa er att hitta de b\u00e4sta leverant\u00f6rerna p\u00e5 marknaden. V\u00e5ra konsulter har expertis inom ledningssystem och modellramverk och kan hj\u00e4lpa er att f\u00f6rb\u00e4ttra er verksamhet och h\u00f6ja er mognadsgrad inom digitalisering, informationss\u00e4kerhet, GDPR och personuppgiftshantering. Vi erbjuder \u00e4ven strategiska analyser av branschakt\u00f6rer, Due Diligence och v\u00e4rdering av IT-milj\u00f6er f\u00f6r att ge er en klar bild av er befintliga digitala milj\u00f6 och hur ni kan f\u00f6rb\u00e4ttra den. Med v\u00e5r hj\u00e4lp kan ni utveckla en effektiv IT-strategi och genomf\u00f6ra framg\u00e5ngsrika digitala f\u00f6r\u00e4ndringar som f\u00f6rb\u00e4ttrar er verksamhet och \u00f6kar er konkurrenskraft. Vi ser fram emot att arbeta tillsammans med er f\u00f6r att hj\u00e4lpa er att n\u00e5 era m\u00e5l och f\u00f6rbli konkurrenskraftiga p\u00e5 marknaden.<\/span><\/p>\t\t\t\t\t\t\t\t<\/div>\n\t\t\t\t<\/div>\n\t\t\t\t\t<\/div>\n\t\t<\/div>\n\t\t\t\t\t<\/div>\n\t\t<\/section>\n\t\t\t\t<\/div>\n\t\t","protected":false},"excerpt":{"rendered":"<p>Optimal fordonsadministration f\u00f6r mindre och medelstora f\u00f6retag Vi \u00e4r er partner i hela processen &#8211; fr\u00e5n anskaffning och f\u00f6rvaltning till administration, finansiering och avyttring av fordon. Med v\u00e5r expertis och samarbeten med marknadens b\u00e4sta akt\u00f6rer, skapar vi skr\u00e4ddarsydda l\u00f6sningar som optimerar er fordonsflotta och minskar era kostnader. Vi ger er fullst\u00e4ndig kontroll \u00f6ver er fordonsadministration [&hellip;]<\/p>\n","protected":false},"author":1,"featured_media":0,"parent":0,"menu_order":0,"comment_status":"closed","ping_status":"closed","template":"","meta":{"footnotes":""},"class_list":["post-230","page","type-page","status-publish","hentry"],"_links":{"self":[{"href":"https:\/\/xn--slutakpabil-wfb.se\/index.php\/wp-json\/wp\/v2\/pages\/230","targetHints":{"allow":["GET"]}}],"collection":[{"href":"https:\/\/xn--slutakpabil-wfb.se\/index.php\/wp-json\/wp\/v2\/pages"}],"about":[{"href":"https:\/\/xn--slutakpabil-wfb.se\/index.php\/wp-json\/wp\/v2\/types\/page"}],"author":[{"embeddable":true,"href":"https:\/\/xn--slutakpabil-wfb.se\/index.php\/wp-json\/wp\/v2\/users\/1"}],"replies":[{"embeddable":true,"href":"https:\/\/xn--slutakpabil-wfb.se\/index.php\/wp-json\/wp\/v2\/comments?post=230"}],"version-history":[{"count":11,"href":"https:\/\/xn--slutakpabil-wfb.se\/index.php\/wp-json\/wp\/v2\/pages\/230\/revisions"}],"predecessor-version":[{"id":280,"href":"https:\/\/xn--slutakpabil-wfb.se\/index.php\/wp-json\/wp\/v2\/pages\/230\/revisions\/280"}],"wp:attachment":[{"href":"https:\/\/xn--slutakpabil-wfb.se\/index.php\/wp-json\/wp\/v2\/media?parent=230"}],"curies":[{"name":"wp","href":"https:\/\/api.w.org\/{rel}","templated":true}]}}